{"id":217,"date":"2024-07-03T19:37:17","date_gmt":"2024-07-03T17:37:17","guid":{"rendered":"https:\/\/sedetiam-conseil.fr\/?page_id=217"},"modified":"2025-04-01T20:41:43","modified_gmt":"2025-04-01T18:41:43","slug":"notre-equipe-et-comment-nous-rejoindre","status":"publish","type":"page","link":"https:\/\/sedetiam-conseil.fr\/index.php\/notre-equipe-et-comment-nous-rejoindre\/","title":{"rendered":"Notre \u00e9quipe, et comment nous rejoindre"},"content":{"rendered":"\n<p><img decoding=\"async\" loading=\"lazy\" class=\"alignright\" src=\"http:\/\/sedetiam-conseil.fr\/wp-content\/uploads\/2017\/09\/photo_EF-150x150.jpg\" width=\"137\" height=\"137\" \/>Dipl\u00f4m\u00e9e de l\u2019Institut d\u2019Etudes Politiques de Grenoble,\u00a0<strong>Estelle Floirac<\/strong> est la fondatrice de Sedetiam. En vingt-cinq ans, elle a successivement occup\u00e9 des fonctions de consultante dans plusieurs bureaux d\u2019\u00e9tudes sp\u00e9cialis\u00e9s :<\/p>\n<ul>\n<li>en \u00e9valuation de programmes europ\u00e9ens,<\/li>\n<li>en \u00e9valuation de politiques de d\u00e9veloppement territorial et de d\u00e9veloppement durable,<\/li>\n<li>et en \u00e9valuation et appui \u00e0 l&#8217;\u00e9laboration de politiques de sant\u00e9 publique,<\/li>\n<\/ul>\n<p>avant de cr\u00e9er sa propre activit\u00e9.<\/p>\n<p>Depuis sa premi\u00e8re exp\u00e9rience professionnelle au sein du cabinet EUREVAL-C3E, pionnier dans l\u2019\u00e9laboration de lignes directrices m\u00e9thodologiques pour l\u2019\u00e9valuation de politiques publiques (programme MEANS \u00e9labor\u00e9 pour la Commission europ\u00e9enne), elle a conduit plus d&#8217;une centaine de missions d\u2019\u00e9valuation et d\u2019assistance \u00e0 ma\u00eetrise d\u2019ouvrage pour l\u2019\u00e9laboration de politiques et programmes.<\/p>\n<p>Ses missions consistent \u00e0 accompagner les pilotes et partenaires des politiques publiques vers la construction d\u2019un environnement toujours plus favorable \u00e0 la sant\u00e9 dans un contexte de changement climatique. Elle accompagne les pilotes de politiques sectorielles afin de les inciter \u00e0 int\u00e9grer la sant\u00e9 dans toutes leurs politiques.<\/p>\n<p>Elle a construit une sp\u00e9cialisation sur la sant\u00e9-environnement depuis 2014, ann\u00e9e o\u00f9 elle a pilot\u00e9 l\u2019\u00e9valuation ex post du PRSE2 ex-Rh\u00f4ne-Alpes. Elle a ensuite accompagn\u00e9 l\u2019\u00e9laboration, puis la mise en \u0153uvre du PRSE3 Auvergne-Rh\u00f4ne-Alpes (2017-2021). Sur les deux derni\u00e8res ann\u00e9es, elle a pilot\u00e9 l\u2019ensemble des missions du cabinet sur plusieurs Plans r\u00e9gionaux sant\u00e9-environnement\u00a0: appui \u00e0 l\u2019\u00e9laboration puis la mise en \u0153uvre du PRSE4 Auvergne-Rh\u00f4ne-Alpes (jusqu\u2019en 2028), \u00e9valuation du PRSE3 Nouvelle-Aquitaine, appui \u00e0 l\u2019\u00e9laboration des PRSE4 Bretagne, Grand Est, Normandie et Hauts-de-France.<\/p>\n<p>Elle intervient \u00e9galement sur des sujets de sant\u00e9-environnement \u00e0 des \u00e9chelles locales\u00a0: volet sant\u00e9-environnement du Contrat local de sant\u00e9 de l\u2019Eurom\u00e9tropole de Strasbourg, appui \u00e0 la Commission sant\u00e9-environnement du SPPPY (Secr\u00e9tariat Permanent pour la Pr\u00e9vention des Pollutions et des risques dans la r\u00e9gion grenobloise (SPPPY) \u2026<\/p>\n<p>Elle accompagne l&#8217;\u00e9laboration de Contrats locaux de sant\u00e9, dans une approche globale de la sant\u00e9 au sens de l&#8217;OMS.\u00a0<\/p>\n<p>En 2024-2025, elle suit le Dipl\u00f4me Universitaire \u00ab Sant\u00e9 plan\u00e9taire &#8211; Sant\u00e9 durable \u00bb organis\u00e9 par l\u2019Ecole Universitaire de Sant\u00e9 Publique (Universit\u00e9 Lyon 1) et les Hospices civils de Lyon.<\/p>\n<p>Elle assure des activit\u00e9s de formation universitaire \u00e0 l&#8217;\u00e9valuation des politiques publiques de sant\u00e9 (Universit\u00e9 Lyon 1 \u2013 Master \u00ab Sant\u00e9 mondiale \u00bb, Institut d&#8217;\u00e9tudes politiques de Grenoble &#8211; Master \u00ab Politiques publiques de sant\u00e9 \u00bb).<\/p>\n<p><span style=\"font-size: revert; color: initial;\"><img decoding=\"async\" loading=\"lazy\" class=\"wp-image-238 alignleft\" src=\"http:\/\/sedetiam-conseil.fr\/wp-content\/uploads\/2025\/04\/Image.png\" alt=\"\" width=\"141\" height=\"150\" \/>Le Dr<strong> Blandine MELLOUET-FORT\u00a0<\/strong><\/span>est m\u00e9decin de sant\u00e9 publique sp\u00e9cialis\u00e9e en promotion de la sant\u00e9 et en sant\u00e9 plan\u00e9taire. Son travail se concentre sur les environnements et les habitudes de vie favorables \u00e0 la sant\u00e9, avec un int\u00e9r\u00eat particulier pour les liens entre nature et sant\u00e9. Elle oeuvre pour encourager la connexion \u00e0 la nature dans une approche de co-b\u00e9n\u00e9fices sant\u00e9 environnement. Elle a notamment fond\u00e9 le <a href=\"http:\/\/www.prescriptiondenature.fr\">collectif de prescription de nature en France<\/a> et est membre de l\u2019association <a href=\"https:\/\/santeplanetaire.org\/\">Alliance Sant\u00e9 Plan\u00e9taire<\/a>.<\/p>\n<p>Elle <strong>conseille et accompagne les acteurs de terrain<\/strong> \u2013 collectivit\u00e9s, associations, institutions, entreprises \u2013 dans la <strong>conception, l\u2019impl\u00e9mentation et l&#8217;\u00e9valuation de projets visant \u00e0 int\u00e9grer la nature dans les strat\u00e9gies de sant\u00e9 publique<\/strong>. Sa d\u00e9marche repose sur une expertise scientifique rigoureuse, combin\u00e9e \u00e0 une approche pragmatique, pour permettre de transformer les connaissances en actions concr\u00e8tes et mesurables.<\/p>\n<p>En tant que <strong>facilitatrice entre la recherche acad\u00e9mique et les professionnels de terrain<\/strong>, elle met en relation les derni\u00e8res avanc\u00e9es scientifiques avec les r\u00e9alit\u00e9s du terrain. Elle participe ainsi \u00e0 plusieurs <strong>exp\u00e9rimentations et projets de recherche<\/strong>, dont NAPHEA (Prescription de nature dans une approche de promotion de la sant\u00e9 pour am\u00e9liorer la sant\u00e9 et le bien-\u00eatre : recherche-action participative en soins primaires et psychiatrie &#8211; <a href=\"https:\/\/www.reshapelab.fr\/fr\">Laboratoire Reshape<\/a>), <a href=\"https:\/\/www.shape-med-lyon.fr\/projets-structurants-vague-1\/naturhealth\/\">NATURHEALTH<\/a> (consortium ShapeMed@Lyon), <a href=\"https:\/\/ulamir-cpie.bzh\/cpie\/content.aspx?ID=223286\">SAINBIOTE<\/a> en Bretagne et <a href=\"https:\/\/www.shape-med-lyon.fr\/actions\/les-projets-finances\/planetaryhealthlyon\/\">PLANETARYHEALTHLYON<\/a> (consortium ShapeMed@Lyon). Elle s\u2019investit par ailleurs dans diff\u00e9rents conseils scientifiques sur l\u2019approche globale one health \/ sant\u00e9 plan\u00e9taire (ex : Contrat Local de Sant\u00e9 de Lyon).<\/p>\n<p>Elle co-coordonne le Dipl\u00f4me Universitaire &#8220;Sant\u00e9 plan\u00e9taire &#8211; Sant\u00e9 durable&#8221; \u00e0 l&#8217;\u00c9cole Universitaire de Sant\u00e9 Publique de l\u2019Universit\u00e9 Lyon 1.<\/p>\n<p>Elle s\u2019attache \u00e0 <strong>cr\u00e9er des outils pratiques pour l\u2019action<\/strong>, ainsi qu\u2019\u00e0 la valorisation des ressources et initiatives. C\u2019est \u00e9galement son r\u00f4le en tant que cheffe de projet au sein de l\u2019APOP (Association de Prise en charge et de Pr\u00e9vention de l\u2019Ob\u00e9sit\u00e9 en P\u00e9diatrie), o\u00f9 elle d\u00e9veloppe et anime <a href=\"http:\/\/www.apple.fr\">BANCO<\/a>, une bo\u00eete \u00e0 outils collaborative de formation et de ressources pour les professionnels. Dans ce cadre, elle co-pilote le groupe de travail sant\u00e9-environnement. Elle coordonne \u00e9galement le projet \u00ab\u00a0Grandir en sant\u00e9 avec la nature\u00a0\u00bb en lien avec l\u2019AFPA (Association Fran\u00e7aise de P\u00e9diatrie Ambulatoire) et le FRENE, qui a pour objectif de sensibiliser les professionnels de sant\u00e9 \u00e0 la p\u00e9dagogie active par la nature, afin qu\u2019ils l&#8217;int\u00e8grent dans leurs pratiques de pr\u00e9vention et de prise en charge (d\u00e9marche d\u2019\u00e9ducation th\u00e9rapeutique du patient).<\/p>\n<p><img decoding=\"async\" loading=\"lazy\" class=\"wp-image-237  alignright\" src=\"http:\/\/sedetiam-conseil.fr\/wp-content\/uploads\/2025\/04\/Image1.png\" alt=\"\" width=\"124\" height=\"152\" \/><\/p>\n<p><strong>Juliette TARDY <\/strong>a rejoint l\u2019\u00e9quipe de SEDETIAM Conseil en d\u00e9cembre 2024 pour d\u00e9velopper son parcours professionnel en gestion de projet innovation &#8211; sant\u00e9 environnement. Apr\u00e8s avoir exerc\u00e9 en qualit\u00e9 d\u2019infirmi\u00e8re (dipl\u00f4m\u00e9e en 2014), elle a compl\u00e9t\u00e9 sa formation avec un Master II de Management et d\u2019Entreprenariat (Coventry, UK) pour s\u2019impliquer davantage aupr\u00e8s des acteurs de la transformation du syst\u00e8me de sant\u00e9 et agir sur le territoire en mettant en lien les industriels, professionnels de sant\u00e9, d\u00e9cideurs, acad\u00e9miques et associations d\u2019usagers au b\u00e9n\u00e9fice de projets complexes.<\/p>\n<p>Au cours de ses exp\u00e9riences en qualit\u00e9 de cheffe de projet innovation sant\u00e9, elle a structur\u00e9 son expertise autour\u00a0:<\/p>\n<ul>\n<li>du cadrage et de la mise en \u0153uvre de strat\u00e9gie de pr\u00e9vention avec les territoires (B\u00e2timent d\u00e9di\u00e9 \u00e0 la pr\u00e9vention du cancer, Centre L\u00e9on B\u00e9rard de Lyon, r\u00e9unissant les P\u00f4les \u00ab Sant\u00e9 publique \u00bb et \u00ab Cancer \u2013 Environnement \u00bb),<\/li>\n<li>de l\u2019initiation \u00e0 l\u2019exp\u00e9rimentation de nouveaux parcours de soin (projets Articles 51) et la recherche de financements associ\u00e9s,<\/li>\n<li>de la coordination et l\u2019animation de r\u00e9seaux innovants en recherche (CANCEPT, Planetary Health).<\/li>\n<\/ul>\n<p>Elle a \u00e9t\u00e9 form\u00e9e \u00e0 l\u2019animation de la Fresque du climat et a contribu\u00e9 \u00e0 l\u2019\u00e9criture de la strat\u00e9gie de d\u00e9veloppement durable du Centre L\u00e9on B\u00e9rard pour mener diff\u00e9rents projets de transition \u00e9cologique (au bloc op\u00e9ratoire, gestion des flux d\u2019\u00e9nergie et tri des d\u00e9chets, encourager les d\u00e9placements \u00e0 v\u00e9lo \u2026).<\/p>\n<p><img decoding=\"async\" loading=\"lazy\" class=\"wp-image-174 alignleft\" src=\"http:\/\/sedetiam-conseil.fr\/wp-content\/uploads\/2023\/02\/Thalie2-scaled.jpg\" sizes=\"(max-width: 147px) 100vw, 147px\" srcset=\"https:\/\/sedetiam-conseil.fr\/wp-content\/uploads\/2023\/02\/Thalie2-scaled.jpg 2560w, https:\/\/sedetiam-conseil.fr\/wp-content\/uploads\/2023\/02\/Thalie2-300x280.jpg 300w, https:\/\/sedetiam-conseil.fr\/wp-content\/uploads\/2023\/02\/Thalie2-1024x954.jpg 1024w, https:\/\/sedetiam-conseil.fr\/wp-content\/uploads\/2023\/02\/Thalie2-768x716.jpg 768w, https:\/\/sedetiam-conseil.fr\/wp-content\/uploads\/2023\/02\/Thalie2-1536x1432.jpg 1536w, https:\/\/sedetiam-conseil.fr\/wp-content\/uploads\/2023\/02\/Thalie2-2048x1909.jpg 2048w\" alt=\"\" width=\"147\" height=\"137\" \/><strong>Thalie LAGORS <\/strong>est dipl\u00f4m\u00e9e du Master II \u00ab <a href=\"https:\/\/www.sciencespo-lyon.fr\/sites\/default\/files\/programme_pedagogique_evpp.pdf\">Evaluation et suivi des politiques publiques\u00a0\u00bb de l\u2019IEP de Lyon<\/a>.<\/p>\n<p>Au cours de ses quatre ann\u00e9es d\u2019exp\u00e9rience chez SEDETIAM, elle a pu d\u00e9velopper ses connaissances des acteurs des politiques publiques et de l\u2019\u00e9laboration de ces derni\u00e8res, ainsi que ses comp\u00e9tences en analyse documentaire, entretiens et traitement de donn\u00e9es. Elle s\u2019est sp\u00e9cialis\u00e9e dans le suivi et la conduite de politiques publiques ainsi que le pilotage et la conception d\u2019\u00e9valuation de ces derni\u00e8res. En compl\u00e9ment, elle intervient dans la conception et le renseignement des outils de suivi et l\u2019\u00e9valuation \u00e0 l\u2019\u00e9chelle de Plan R\u00e9gionaux pour en accompagner les pilotes.<\/p>\n<p>Elle intervient sur l\u2019ensemble des missions de Sedetiam ax\u00e9es sur l\u2019appui \u00e0 la mise en place de politiques concourant \u00e0 construire un environnement favorable \u00e0 la sant\u00e9 humaine, animale et des \u00e9cosyst\u00e8mes. Elle a d\u00e9velopp\u00e9 une expertise sur :<\/p>\n<ul>\n<li>Le pilotage et l\u2019\u00e9valuation des politiques publiques li\u00e9es \u00e0 l\u2019environnement et la sant\u00e9<\/li>\n<li>L\u2019analyse et l\u2019\u00e9valuation de projet<\/li>\n<li>L\u2019urbanisme favorable \u00e0 la sant\u00e9<\/li>\n<\/ul>\n<p>Thalie a suivi la formation Dipl\u00f4me d\u2019Etat \u2013 Sant\u00e9 Publique et am\u00e9nagement des territoires :\u00a0<a href=\"https:\/\/formation-continue.ehesp.fr\/formation\/sante-publique-et-amenagement-des-territoires-spat-vers-un-urbanisme-favorable-la-sante\/\">vers un urbanisme favorable \u00e0 la sant\u00e9<\/a>\u00a0d\u00e9livr\u00e9e par l\u2019\u00c9cole des Hautes \u00c9tudes en Sant\u00e9 Publique (EHESP).<\/p>\n<p>Elle intervient \u00e9galement sur l\u2019ensemble des missions d&#8217;\u00e9valuation de Sedetiam portant sur les politiques de pr\u00e9vention et de lutte contre les conduites addictives.<\/p>\n<p>\u00a0<\/p>\n<p><strong>=&gt; Pour nous rejoindre : <\/strong><span style=\"color: initial;\">envoyez votre candidature spontan\u00e9e \u00e0 <strong>contact@sedetiam-conseil.fr<\/strong><\/span><\/p>\n\n\n","protected":false},"excerpt":{"rendered":"<p>Dipl\u00f4m\u00e9e de l\u2019Institut d\u2019Etudes Politiques de Grenoble,\u00a0Estelle Floirac est la fondatrice de Sedetiam. En vingt-cinq ans, elle a successivement occup\u00e9 des fonctions de consultante dans plusieurs bureaux d\u2019\u00e9tudes sp\u00e9cialis\u00e9s : en \u00e9valuation de programmes europ\u00e9ens, en \u00e9valuation de politiques de d\u00e9veloppement territorial et de d\u00e9veloppement durable, et en \u00e9valuation et appui \u00e0 l&#8217;\u00e9laboration de politiques &hellip; <\/p>\n<p class=\"link-more\"><a href=\"https:\/\/sedetiam-conseil.fr\/index.php\/notre-equipe-et-comment-nous-rejoindre\/\" class=\"more-link\">Continue reading<span class=\"screen-reader-text\"> &#8220;Notre \u00e9quipe, et comment nous rejoindre&#8221;<\/span><\/a><\/p>\n","protected":false},"author":1,"featured_media":0,"parent":0,"menu_order":0,"comment_status":"closed","ping_status":"closed","template":"","meta":[],"_links":{"self":[{"href":"https:\/\/sedetiam-conseil.fr\/index.php\/wp-json\/wp\/v2\/pages\/217"}],"collection":[{"href":"https:\/\/sedetiam-conseil.fr\/index.php\/wp-json\/wp\/v2\/pages"}],"about":[{"href":"https:\/\/sedetiam-conseil.fr\/index.php\/wp-json\/wp\/v2\/types\/page"}],"author":[{"embeddable":true,"href":"https:\/\/sedetiam-conseil.fr\/index.php\/wp-json\/wp\/v2\/users\/1"}],"replies":[{"embeddable":true,"href":"https:\/\/sedetiam-conseil.fr\/index.php\/wp-json\/wp\/v2\/comments?post=217"}],"version-history":[{"count":5,"href":"https:\/\/sedetiam-conseil.fr\/index.php\/wp-json\/wp\/v2\/pages\/217\/revisions"}],"predecessor-version":[{"id":239,"href":"https:\/\/sedetiam-conseil.fr\/index.php\/wp-json\/wp\/v2\/pages\/217\/revisions\/239"}],"wp:attachment":[{"href":"https:\/\/sedetiam-conseil.fr\/index.php\/wp-json\/wp\/v2\/media?parent=217"}],"curies":[{"name":"wp","href":"https:\/\/api.w.org\/{rel}","templated":true}]}}